{"id":704,"date":"2022-12-22T17:11:49","date_gmt":"2022-12-22T17:11:49","guid":{"rendered":"https:\/\/vergaradvocats.com\/advocats-penalistes-a-terrassa\/"},"modified":"2025-02-10T09:28:44","modified_gmt":"2025-02-10T09:28:44","slug":"advocats-penalistes-a-terrassa","status":"publish","type":"page","link":"https:\/\/www.vergaradvocats.com\/ca\/advocats-penalistes-a-terrassa\/","title":{"rendered":"Advocats Penalistes a Terrassa"},"content":{"rendered":"<div class=\"fusion-fullwidth fullwidth-box fusion-builder-row-1 fusion-flex-container has-pattern-background has-mask-background nonhundred-percent-fullwidth non-hundred-percent-height-scrolling\" style=\"--awb-border-radius-top-left:0px;--awb-border-radius-top-right:0px;--awb-border-radius-bottom-right:0px;--awb-border-radius-bottom-left:0px;--awb-padding-bottom:100px;--awb-flex-wrap:wrap;\" ><div class=\"fusion-builder-row fusion-row fusion-flex-align-items-flex-start fusion-flex-content-wrap\" style=\"max-width:1248px;margin-left: calc(-4% \/ 2 );margin-right: calc(-4% \/ 2 );\"><div class=\"fusion-layout-column fusion_builder_column fusion-builder-column-0 fusion_builder_column_2_3 2_3 fusion-flex-column\" style=\"--awb-padding-bottom:40px;--awb-bg-size:cover;--awb-width-large:66.666666666667%;--awb-margin-top-large:0px;--awb-spacing-right-large:2.88%;--awb-margin-bottom-large:20px;--awb-spacing-left-large:2.88%;--awb-width-medium:66.666666666667%;--awb-order-medium:0;--awb-spacing-right-medium:2.88%;--awb-spacing-left-medium:2.88%;--awb-width-small:100%;--awb-order-small:0;--awb-spacing-right-small:1.92%;--awb-spacing-left-small:1.92%;\"><div class=\"fusion-column-wrapper fusion-column-has-shadow fusion-flex-justify-content-flex-start fusion-content-layout-column\"><div class=\"fusion-title title fusion-title-1 fusion-sep-none fusion-title-text fusion-title-size-one\" style=\"--awb-margin-top-small:10px;--awb-margin-right-small:0px;--awb-margin-bottom-small:10px;--awb-margin-left-small:0px;\"><h1 class=\"fusion-title-heading title-heading-left fusion-responsive-typography-calculated\" style=\"margin:0;--fontSize:64;line-height:1.1;\">ADVOCATS PENALISTES A TERRASSA<\/h1><\/div><\/div><\/div><div class=\"fusion-layout-column fusion_builder_column fusion-builder-column-1 fusion_builder_column_3_4 3_4 fusion-flex-column\" style=\"--awb-bg-size:cover;--awb-width-large:75%;--awb-margin-top-large:0px;--awb-spacing-right-large:2.56%;--awb-margin-bottom-large:20px;--awb-spacing-left-large:2.56%;--awb-width-medium:75%;--awb-order-medium:0;--awb-spacing-right-medium:2.56%;--awb-spacing-left-medium:2.56%;--awb-width-small:100%;--awb-order-small:0;--awb-spacing-right-small:1.92%;--awb-spacing-left-small:1.92%;\"><div class=\"fusion-column-wrapper fusion-column-has-shadow fusion-flex-justify-content-flex-start fusion-content-layout-column\"><div class=\"fusion-text fusion-text-1\" style=\"--awb-content-alignment:justify;\"><p>El <strong>Dret Penal<\/strong> s\u2019encarrega d\u2019estudiar els delictes i les seves penes tal com es recullen en el <strong>Codi Penal<\/strong>. Es tracta d\u2019una branca del Dret extensa i complexa, pel que conv\u00e9 comptar amb els millors advocats penalistes a Terrassa per la defensa davant a aquest tipus de delictes.<\/p>\n<p>Els advocats penalistes estan <strong>especialitzats en diferents delictes<\/strong>: robatoris, furts, lesions, delictes sexuals, delictes contra l\u2019honor i la integritat moral, delictes contra els drets dels treballadors i un llarg etc\u00e8tera. Donat que el seu \u00e0mbit d\u2019actuaci\u00f3 \u00e9s tan ampli, els advocats penalistes poden ajudar-nos en una \u00e0mplia varietat de situacions.<\/p>\n<\/div><\/div><\/div><div class=\"fusion-layout-column fusion_builder_column fusion-builder-column-2 fusion_builder_column_3_4 3_4 fusion-flex-column\" style=\"--awb-padding-bottom:20px;--awb-bg-size:cover;--awb-width-large:75%;--awb-margin-top-large:0px;--awb-spacing-right-large:2.56%;--awb-margin-bottom-large:20px;--awb-spacing-left-large:2.56%;--awb-width-medium:75%;--awb-order-medium:0;--awb-spacing-right-medium:2.56%;--awb-spacing-left-medium:2.56%;--awb-width-small:100%;--awb-order-small:0;--awb-spacing-right-small:1.92%;--awb-spacing-left-small:1.92%;\"><div class=\"fusion-column-wrapper fusion-column-has-shadow fusion-flex-justify-content-flex-start fusion-content-layout-column\"><div class=\"fusion-image-element \" style=\"--awb-caption-title-font-family:var(--h2_typography-font-family);--awb-caption-title-font-weight:var(--h2_typography-font-weight);--awb-caption-title-font-style:var(--h2_typography-font-style);--awb-caption-title-size:var(--h2_typography-font-size);--awb-caption-title-transform:var(--h2_typography-text-transform);--awb-caption-title-line-height:var(--h2_typography-line-height);--awb-caption-title-letter-spacing:var(--h2_typography-letter-spacing);\"><span class=\" fusion-imageframe imageframe-none imageframe-1 hover-type-none\"><img decoding=\"async\" width=\"2400\" height=\"886\" alt=\"Advocat de dret penal a terrassa\" title=\"abogado-derecho-penal-terrassa-1200&#215;443\" src=\"https:\/\/www.vergaradvocats.com\/wp-content\/uploads\/2025\/02\/abogado-derecho-penal-terrassa-1200x443-1.png\" class=\"img-responsive wp-image-1033\" srcset=\"https:\/\/www.vergaradvocats.com\/wp-content\/uploads\/2025\/02\/abogado-derecho-penal-terrassa-1200x443-1-200x74.png 200w, https:\/\/www.vergaradvocats.com\/wp-content\/uploads\/2025\/02\/abogado-derecho-penal-terrassa-1200x443-1-400x148.png 400w, https:\/\/www.vergaradvocats.com\/wp-content\/uploads\/2025\/02\/abogado-derecho-penal-terrassa-1200x443-1-600x222.png 600w, https:\/\/www.vergaradvocats.com\/wp-content\/uploads\/2025\/02\/abogado-derecho-penal-terrassa-1200x443-1-800x295.png 800w, https:\/\/www.vergaradvocats.com\/wp-content\/uploads\/2025\/02\/abogado-derecho-penal-terrassa-1200x443-1-1200x443.png 1200w, https:\/\/www.vergaradvocats.com\/wp-content\/uploads\/2025\/02\/abogado-derecho-penal-terrassa-1200x443-1.png 2400w\" sizes=\"(max-width: 640px) 100vw, 1200px\" \/><\/span><\/div><\/div><\/div><div class=\"fusion-layout-column fusion_builder_column fusion-builder-column-3 fusion_builder_column_2_3 2_3 fusion-flex-column\" style=\"--awb-bg-size:cover;--awb-width-large:66.666666666667%;--awb-margin-top-large:0px;--awb-spacing-right-large:2.88%;--awb-margin-bottom-large:20px;--awb-spacing-left-large:2.88%;--awb-width-medium:66.666666666667%;--awb-order-medium:0;--awb-spacing-right-medium:2.88%;--awb-spacing-left-medium:2.88%;--awb-width-small:100%;--awb-order-small:0;--awb-spacing-right-small:1.92%;--awb-spacing-left-small:1.92%;\"><div class=\"fusion-column-wrapper fusion-column-has-shadow fusion-flex-justify-content-flex-start fusion-content-layout-column\"><div class=\"fusion-title title fusion-title-2 fusion-sep-none fusion-title-text fusion-title-size-two\" style=\"--awb-margin-top-small:10px;--awb-margin-right-small:0px;--awb-margin-bottom-small:10px;--awb-margin-left-small:0px;\"><h2 class=\"fusion-title-heading title-heading-left fusion-responsive-typography-calculated\" style=\"margin:0;--fontSize:40;line-height:1.5;\">Per qu\u00e8 contractar advocats penalistes a Terrassa?<\/h2><\/div><\/div><\/div><div class=\"fusion-layout-column fusion_builder_column fusion-builder-column-4 fusion_builder_column_3_4 3_4 fusion-flex-column\" style=\"--awb-bg-size:cover;--awb-width-large:75%;--awb-margin-top-large:0px;--awb-spacing-right-large:2.56%;--awb-margin-bottom-large:20px;--awb-spacing-left-large:2.56%;--awb-width-medium:75%;--awb-order-medium:0;--awb-spacing-right-medium:2.56%;--awb-spacing-left-medium:2.56%;--awb-width-small:100%;--awb-order-small:0;--awb-spacing-right-small:1.92%;--awb-spacing-left-small:1.92%;\"><div class=\"fusion-column-wrapper fusion-column-has-shadow fusion-flex-justify-content-flex-start fusion-content-layout-column\"><div class=\"fusion-text fusion-text-2\" style=\"--awb-content-alignment:justify;\"><p>Els avantatges l\u2019advocat penalista sobre l\u2019advocat generalista s\u00f3n moltes degut a que es tracta d\u2019<strong>advocats especialitzats en el Dret Penal<\/strong>. Els seus serveis estan orientats a assessorar i defensar als seus clients en el relatiu als delictes i causes que es recullen en el Codi Penal.<\/p>\n<p><strong>L\u2019advocat penalista t\u00e9 com a objectiu representar a una de les parts del proc\u00e9s penal.<\/strong> Segons hagi sigut contractat, la seva missi\u00f3 ser\u00e0 la de defensar o acusar de forma experta i amb la llei a la m\u00e0, trobant aquells <strong>matisos i detalls rellevants<\/strong> del cas que un advocat generalista pot passar per alt. De la mateixa manera, l\u2019advocat penalista tamb\u00e9 pot <strong>prestar assist\u00e8ncia legal<\/strong> a aquelles persones que es trobin detingudes en institucions policials.<\/p>\n<p>Aix\u00ed doncs, el seu principal objectiu es <strong>que es declari la innoc\u00e8ncia del seu client<\/strong> o, en el seu defecte, <strong>obtenir la menor condemna possible<\/strong>. Per aix\u00f2 es serveix de la seva experi\u00e8ncia i coneixements, per trobar detalls que poguessin semblar insignificants per\u00f2 que siguin crucials per demostrar la innoc\u00e8ncia del client.<\/p>\n<p>L\u2019advocat penalista <strong>prepara l\u2019estrat\u00e8gia de defensa o acusaci\u00f3 bolcant la balan\u00e7a jur\u00eddica a favor del seu client.<\/strong> Far\u00e0 \u00fas del llenguatge jur\u00eddic apropiat, comprenent perfectament tota al\u00b7legaci\u00f3 possible, i far\u00e0 un compendi de les pretensions del seu representant per, posteriorment, prestar tot all\u00f2 davant d\u2019un tribunal junt a una s\u00e8rie de proves que, en conjunt, suposin la millor defensa jur\u00eddica pel seu client.<\/p>\n<\/div><\/div><\/div><div class=\"fusion-layout-column fusion_builder_column fusion-builder-column-5 fusion_builder_column_3_4 3_4 fusion-flex-column\" style=\"--awb-bg-size:cover;--awb-width-large:75%;--awb-margin-top-large:0px;--awb-spacing-right-large:2.56%;--awb-margin-bottom-large:20px;--awb-spacing-left-large:2.56%;--awb-width-medium:75%;--awb-order-medium:0;--awb-spacing-right-medium:2.56%;--awb-spacing-left-medium:2.56%;--awb-width-small:100%;--awb-order-small:0;--awb-spacing-right-small:1.92%;--awb-spacing-left-small:1.92%;\"><div class=\"fusion-column-wrapper fusion-column-has-shadow fusion-flex-justify-content-flex-start fusion-content-layout-column\"><div class=\"fusion-title title fusion-title-3 fusion-sep-none fusion-title-text fusion-title-size-two\" style=\"--awb-margin-top-small:10px;--awb-margin-right-small:0px;--awb-margin-bottom-small:10px;--awb-margin-left-small:0px;\"><h2 class=\"fusion-title-heading title-heading-left fusion-responsive-typography-calculated\" style=\"margin:0;--fontSize:40;line-height:1.5;\">Quins delictes tracta un advocat penalista?<\/h2><\/div><div class=\"fusion-text fusion-text-3\" style=\"--awb-content-alignment:justify;\"><p>L\u2019advocat penalista presta defensa o acusaci\u00f3 davant qualsevol delicte que figuri en el Codi Penal:<\/p>\n<\/div><ul style=\"--awb-line-height:30.6px;--awb-icon-width:30.6px;--awb-icon-height:30.6px;--awb-icon-margin:12.6px;--awb-content-margin:43.2px;\" class=\"fusion-checklist fusion-checklist-1 fusion-checklist-default type-icons\"><li class=\"fusion-li-item\" style=\"\"><span class=\"icon-wrapper circle-no\"><i class=\"fusion-li-icon fa-caret-right fas\" aria-hidden=\"true\"><\/i><\/span><div class=\"fusion-li-item-content\">\n<p style=\"text-align: justify;\"><strong>Contra les persones i la vida:<\/strong> assassinat, homicidi, lesions, avortament, etc.<\/p>\n<\/div><\/li><li class=\"fusion-li-item\" style=\"\"><span class=\"icon-wrapper circle-no\"><i class=\"fusion-li-icon fa-caret-right fas\" aria-hidden=\"true\"><\/i><\/span><div class=\"fusion-li-item-content\">\n<p style=\"text-align: justify;\"><strong>Contra el patrimoni:<\/strong> robaments, furts, estafa, apropiaci\u00f3 indeguda, etc.<\/p>\n<\/div><\/li><li class=\"fusion-li-item\" style=\"\"><span class=\"icon-wrapper circle-no\"><i class=\"fusion-li-icon fa-caret-right fas\" aria-hidden=\"true\"><\/i><\/span><div class=\"fusion-li-item-content\">\n<p style=\"text-align: justify;\"><strong>Delictes econ\u00f2mics:<\/strong> estafa, blanqueig de diners, delictes fiscals, delictes societaris, etc.<\/p>\n<\/div><\/li><li class=\"fusion-li-item\" style=\"\"><span class=\"icon-wrapper circle-no\"><i class=\"fusion-li-icon fa-caret-right fas\" aria-hidden=\"true\"><\/i><\/span><div class=\"fusion-li-item-content\">\n<p style=\"text-align: justify;\"><strong>Contra la llibertat:<\/strong> detencions il\u00b7legals, segrestos, amenaces i coaccions.<\/p>\n<\/div><\/li><li class=\"fusion-li-item\" style=\"\"><span class=\"icon-wrapper circle-no\"><i class=\"fusion-li-icon fa-caret-right fas\" aria-hidden=\"true\"><\/i><\/span><div class=\"fusion-li-item-content\">\n<p style=\"text-align: justify;\"><strong>Contra la seguretat p\u00fablica.<\/strong><\/p>\n<\/div><\/li><li class=\"fusion-li-item\" style=\"\"><span class=\"icon-wrapper circle-no\"><i class=\"fusion-li-icon fa-caret-right fas\" aria-hidden=\"true\"><\/i><\/span><div class=\"fusion-li-item-content\">\n<p style=\"text-align: justify;\"><strong>Delictes contra la seguretat vi\u00e0ria.<\/strong><\/p>\n<\/div><\/li><li class=\"fusion-li-item\" style=\"\"><span class=\"icon-wrapper circle-no\"><i class=\"fusion-li-icon fa-caret-right fas\" aria-hidden=\"true\"><\/i><\/span><div class=\"fusion-li-item-content\">\n<p style=\"text-align: justify;\"><strong>Delictes contra els drets dels treballadors:<\/strong> contra la salut i la integritat dels treballadors, tr\u00e0fic il\u00b7legal de m\u00e0 d&#8217;obra, etc.<\/p>\n<\/div><\/li><li class=\"fusion-li-item\" style=\"\"><span class=\"icon-wrapper circle-no\"><i class=\"fusion-li-icon fa-caret-right fas\" aria-hidden=\"true\"><\/i><\/span><div class=\"fusion-li-item-content\">\n<p style=\"text-align: justify;\"><strong>Delictes llibertat i indemnitat sexual.<\/strong><\/p>\n<\/div><\/li><li class=\"fusion-li-item\" style=\"\"><span class=\"icon-wrapper circle-no\"><i class=\"fusion-li-icon fa-caret-right fas\" aria-hidden=\"true\"><\/i><\/span><div class=\"fusion-li-item-content\">\n<p style=\"text-align: justify;\"><strong>Contra la salut p\u00fablica.<\/strong><\/p>\n<\/div><\/li><li class=\"fusion-li-item\" style=\"\"><span class=\"icon-wrapper circle-no\"><i class=\"fusion-li-icon fa-caret-right fas\" aria-hidden=\"true\"><\/i><\/span><div class=\"fusion-li-item-content\">\n<p style=\"text-align: justify;\"><strong>Delictes inform\u00e0tics.<\/strong><\/p>\n<\/div><\/li><li class=\"fusion-li-item\" style=\"\"><span class=\"icon-wrapper circle-no\"><i class=\"fusion-li-icon fa-caret-right fas\" aria-hidden=\"true\"><\/i><\/span><div class=\"fusion-li-item-content\">\n<p style=\"text-align: justify;\"><strong>Contra la intimitat, integritat moral, honor i intimitat.<\/strong><\/p>\n<\/div><\/li><\/ul><\/div><\/div><div class=\"fusion-layout-column fusion_builder_column fusion-builder-column-6 fusion_builder_column_4_5 4_5 fusion-flex-column\" style=\"--awb-bg-size:cover;--awb-width-large:80%;--awb-margin-top-large:0px;--awb-spacing-right-large:2.4%;--awb-margin-bottom-large:20px;--awb-spacing-left-large:2.4%;--awb-width-medium:80%;--awb-order-medium:0;--awb-spacing-right-medium:2.4%;--awb-spacing-left-medium:2.4%;--awb-width-small:100%;--awb-order-small:0;--awb-spacing-right-small:1.92%;--awb-spacing-left-small:1.92%;\"><div class=\"fusion-column-wrapper fusion-column-has-shadow fusion-flex-justify-content-flex-start fusion-content-layout-column\"><div class=\"fusion-title title fusion-title-4 fusion-sep-none fusion-title-text fusion-title-size-two\" style=\"--awb-margin-top-small:10px;--awb-margin-right-small:0px;--awb-margin-bottom-small:10px;--awb-margin-left-small:0px;\"><h2 class=\"fusion-title-heading title-heading-left fusion-responsive-typography-calculated\" style=\"margin:0;--fontSize:40;line-height:1.5;\">Quins serveis ofereix un advocat penalista?<\/h2><\/div><\/div><\/div><div class=\"fusion-layout-column fusion_builder_column fusion-builder-column-7 fusion_builder_column_3_4 3_4 fusion-flex-column\" style=\"--awb-bg-size:cover;--awb-width-large:75%;--awb-margin-top-large:0px;--awb-spacing-right-large:2.56%;--awb-margin-bottom-large:20px;--awb-spacing-left-large:2.56%;--awb-width-medium:75%;--awb-order-medium:0;--awb-spacing-right-medium:2.56%;--awb-spacing-left-medium:2.56%;--awb-width-small:100%;--awb-order-small:0;--awb-spacing-right-small:1.92%;--awb-spacing-left-small:1.92%;\"><div class=\"fusion-column-wrapper fusion-column-has-shadow fusion-flex-justify-content-flex-start fusion-content-layout-column\"><div class=\"fusion-text fusion-text-4\" style=\"--awb-content-alignment:justify;\"><p>Els advocats penalistes s\u2019encarreguen d\u2019intervenir de forma crucial a favor del seu client, oferint-li diferents serveis:<\/p>\n<\/div><ul style=\"--awb-line-height:30.6px;--awb-icon-width:30.6px;--awb-icon-height:30.6px;--awb-icon-margin:12.6px;--awb-content-margin:43.2px;\" class=\"fusion-checklist fusion-checklist-2 fusion-checklist-default type-icons\"><li class=\"fusion-li-item\" style=\"\"><span class=\"icon-wrapper circle-no\"><i class=\"fusion-li-icon fa-caret-right fas\" aria-hidden=\"true\"><\/i><\/span><div class=\"fusion-li-item-content\">\n<p style=\"text-align: justify;\"><strong>Assist\u00e8ncia en comissaria:<\/strong> en cas de detenci\u00f3 o citaci\u00f3, la primera declaraci\u00f3 pot ser la clau per la continu\u00eftat del proc\u00e9s. L\u2019Advocat penalista s\u2019encarrega d\u2019assessorar el client sobre la seva millor opci\u00f3 a l\u2019hora de prestar dita declaraci\u00f3 o, per el contrari, exercir el seu dret a guardar silenci.<\/p>\n<\/div><\/li><li class=\"fusion-li-item\" style=\"\"><span class=\"icon-wrapper circle-no\"><i class=\"fusion-li-icon fa-caret-right fas\" aria-hidden=\"true\"><\/i><\/span><div class=\"fusion-li-item-content\">\n<p style=\"text-align: justify;\"><strong>Assist\u00e8ncia en depend\u00e8ncies judicials:<\/strong> ja sigui per detenci\u00f3 o per crida judicial despr\u00e9s d\u2019una den\u00fancia o querella, l\u2019advocat penalista assessorar\u00e0 el client en la seva declaraci\u00f3 davant el jutge, ara si, havent tingut acc\u00e9s a l\u2019expedient judicial i als indicis de delicte que pesen contra la persona investigada, a m\u00e9s de comptar amb els seus propis arguments i proves de desc\u00e0rrec, recomanant aix\u00ed la millor estrat\u00e8gia argumental.<\/p>\n<\/div><\/li><li class=\"fusion-li-item\" style=\"\"><span class=\"icon-wrapper circle-no\"><i class=\"fusion-li-icon fa-caret-right fas\" aria-hidden=\"true\"><\/i><\/span><div class=\"fusion-li-item-content\">\n<p style=\"text-align: justify;\"><strong>Defensa durant el proc\u00e9s:<\/strong> l\u2019advocat penalista intervindr\u00e0 en totes les fases del proc\u00e9s judicial (investigaci\u00f3, intermedi i judici oral) per fer valer els arguments defensius i les proves de desc\u00e0rrec.<\/p>\n<\/div><\/li><li class=\"fusion-li-item\" style=\"\"><span class=\"icon-wrapper circle-no\"><i class=\"fusion-li-icon fa-caret-right fas\" aria-hidden=\"true\"><\/i><\/span><div class=\"fusion-li-item-content\">\n<p style=\"text-align: justify;\"><strong>Interposici\u00f3 de den\u00fancies:<\/strong> tota persona agreujada o v\u00edctima d\u2019un delicte t\u00e9 dret a interposar una den\u00fancia davant les autoritats policials o judicials i exercir l\u2019acusaci\u00f3 particular en el proc\u00e9s que es deriva del delicte. En aquest sentit, l\u2019intervenci\u00f3 de l\u2019advocat penalista ser\u00e0 an\u00e0loga a la del defensor, per\u00f2 tractant de fer valer els arguments i proves de c\u00e0rrec.<\/p>\n<\/div><\/li><\/ul><\/div><\/div><div class=\"fusion-layout-column fusion_builder_column fusion-builder-column-8 fusion_builder_column_3_4 3_4 fusion-flex-column\" style=\"--awb-bg-size:cover;--awb-width-large:75%;--awb-margin-top-large:0px;--awb-spacing-right-large:2.56%;--awb-margin-bottom-large:20px;--awb-spacing-left-large:2.56%;--awb-width-medium:75%;--awb-order-medium:0;--awb-spacing-right-medium:2.56%;--awb-spacing-left-medium:2.56%;--awb-width-small:100%;--awb-order-small:0;--awb-spacing-right-small:1.92%;--awb-spacing-left-small:1.92%;\"><div class=\"fusion-column-wrapper fusion-column-has-shadow fusion-flex-justify-content-flex-start fusion-content-layout-column\"><div class=\"fusion-text fusion-text-5\" style=\"--awb-content-alignment:justify;\"><p>El proc\u00e9s penal \u00e9s complex i requereix la intervenci\u00f3 de professionals experts per garantir que es faci just\u00edcia. Comptar amb un advocat penalista \u00e9s un avantatge en si mateix per tenir un proc\u00e9s i judicis justos.<\/p>\n<\/div><\/div><\/div><\/div><\/div>\n","protected":false},"excerpt":{"rendered":"","protected":false},"author":1,"featured_media":0,"parent":0,"menu_order":0,"comment_status":"closed","ping_status":"closed","template":"100-width.php","meta":{"_joinchat":[],"footnotes":""},"class_list":["post-704","page","type-page","status-publish","hentry"],"yoast_head":"<!-- This site is optimized with the Yoast SEO plugin v27.5 - https:\/\/yoast.com\/product\/yoast-seo-wordpress\/ -->\n<title>Advocats Penalistes a Terrassa | Vergara Advocats<\/title>\n<meta name=\"description\" content=\"Vergara Advocats el formen un equip d&#039;advocats penalistes a Terrassa amb una s\u00f2lida i dilatada traject\u00f2ria. Ens adaptem a les vostres necessitats.\" \/>\n<meta name=\"robots\" content=\"index, follow, max-snippet:-1, max-image-preview:large, max-video-preview:-1\" \/>\n<link rel=\"canonical\" href=\"https:\/\/www.vergaradvocats.com\/ca\/advocats-penalistes-a-terrassa\/\" \/>\n<meta property=\"og:locale\" content=\"ca_ES\" \/>\n<meta property=\"og:type\" content=\"article\" \/>\n<meta property=\"og:title\" content=\"Advocats Penalistes a Terrassa | Vergara Advocats\" \/>\n<meta property=\"og:description\" content=\"Vergara Advocats el formen un equip d&#039;advocats penalistes a Terrassa amb una s\u00f2lida i dilatada traject\u00f2ria. Ens adaptem a les vostres necessitats.\" \/>\n<meta property=\"og:url\" content=\"https:\/\/www.vergaradvocats.com\/ca\/advocats-penalistes-a-terrassa\/\" \/>\n<meta property=\"og:site_name\" content=\"Vergara Advocats\" \/>\n<meta property=\"article:modified_time\" content=\"2025-02-10T09:28:44+00:00\" \/>\n<meta name=\"twitter:card\" content=\"summary_large_image\" \/>\n<meta name=\"twitter:label1\" content=\"Temps estimat de lectura\" \/>\n\t<meta name=\"twitter:data1\" content=\"4 minuts\" \/>\n<script type=\"application\/ld+json\" class=\"yoast-schema-graph\">{\"@context\":\"https:\\\/\\\/schema.org\",\"@graph\":[{\"@type\":\"WebPage\",\"@id\":\"https:\\\/\\\/www.vergaradvocats.com\\\/ca\\\/advocats-penalistes-a-terrassa\\\/\",\"url\":\"https:\\\/\\\/www.vergaradvocats.com\\\/ca\\\/advocats-penalistes-a-terrassa\\\/\",\"name\":\"Advocats Penalistes a Terrassa | Vergara Advocats\",\"isPartOf\":{\"@id\":\"https:\\\/\\\/www.vergaradvocats.com\\\/#website\"},\"datePublished\":\"2022-12-22T17:11:49+00:00\",\"dateModified\":\"2025-02-10T09:28:44+00:00\",\"description\":\"Vergara Advocats el formen un equip d'advocats penalistes a Terrassa amb una s\u00f2lida i dilatada traject\u00f2ria. Ens adaptem a les vostres necessitats.\",\"inLanguage\":\"ca\",\"potentialAction\":[{\"@type\":\"ReadAction\",\"target\":[\"https:\\\/\\\/www.vergaradvocats.com\\\/ca\\\/advocats-penalistes-a-terrassa\\\/\"]}]},{\"@type\":\"WebSite\",\"@id\":\"https:\\\/\\\/www.vergaradvocats.com\\\/#website\",\"url\":\"https:\\\/\\\/www.vergaradvocats.com\\\/\",\"name\":\"Vergara Advocats\",\"description\":\"Abogados en Terrassa\",\"publisher\":{\"@id\":\"https:\\\/\\\/www.vergaradvocats.com\\\/#organization\"},\"potentialAction\":[{\"@type\":\"SearchAction\",\"target\":{\"@type\":\"EntryPoint\",\"urlTemplate\":\"https:\\\/\\\/www.vergaradvocats.com\\\/?s={search_term_string}\"},\"query-input\":{\"@type\":\"PropertyValueSpecification\",\"valueRequired\":true,\"valueName\":\"search_term_string\"}}],\"inLanguage\":\"ca\"},{\"@type\":\"Organization\",\"@id\":\"https:\\\/\\\/www.vergaradvocats.com\\\/#organization\",\"name\":\"Vergara Advocats\",\"url\":\"https:\\\/\\\/www.vergaradvocats.com\\\/\",\"logo\":{\"@type\":\"ImageObject\",\"inLanguage\":\"ca\",\"@id\":\"https:\\\/\\\/www.vergaradvocats.com\\\/#\\\/schema\\\/logo\\\/image\\\/\",\"url\":\"https:\\\/\\\/www.vergaradvocats.com\\\/wp-content\\\/uploads\\\/2022\\\/11\\\/logo-vergara-advocats.png\",\"contentUrl\":\"https:\\\/\\\/www.vergaradvocats.com\\\/wp-content\\\/uploads\\\/2022\\\/11\\\/logo-vergara-advocats.png\",\"width\":326,\"height\":110,\"caption\":\"Vergara Advocats\"},\"image\":{\"@id\":\"https:\\\/\\\/www.vergaradvocats.com\\\/#\\\/schema\\\/logo\\\/image\\\/\"}}]}<\/script>\n<!-- \/ Yoast SEO plugin. -->","yoast_head_json":{"title":"Advocats Penalistes a Terrassa | Vergara Advocats","description":"Vergara Advocats el formen un equip d'advocats penalistes a Terrassa amb una s\u00f2lida i dilatada traject\u00f2ria. Ens adaptem a les vostres necessitats.","robots":{"index":"index","follow":"follow","max-snippet":"max-snippet:-1","max-image-preview":"max-image-preview:large","max-video-preview":"max-video-preview:-1"},"canonical":"https:\/\/www.vergaradvocats.com\/ca\/advocats-penalistes-a-terrassa\/","og_locale":"ca_ES","og_type":"article","og_title":"Advocats Penalistes a Terrassa | Vergara Advocats","og_description":"Vergara Advocats el formen un equip d'advocats penalistes a Terrassa amb una s\u00f2lida i dilatada traject\u00f2ria. Ens adaptem a les vostres necessitats.","og_url":"https:\/\/www.vergaradvocats.com\/ca\/advocats-penalistes-a-terrassa\/","og_site_name":"Vergara Advocats","article_modified_time":"2025-02-10T09:28:44+00:00","twitter_card":"summary_large_image","twitter_misc":{"Temps estimat de lectura":"4 minuts"},"schema":{"@context":"https:\/\/schema.org","@graph":[{"@type":"WebPage","@id":"https:\/\/www.vergaradvocats.com\/ca\/advocats-penalistes-a-terrassa\/","url":"https:\/\/www.vergaradvocats.com\/ca\/advocats-penalistes-a-terrassa\/","name":"Advocats Penalistes a Terrassa | Vergara Advocats","isPartOf":{"@id":"https:\/\/www.vergaradvocats.com\/#website"},"datePublished":"2022-12-22T17:11:49+00:00","dateModified":"2025-02-10T09:28:44+00:00","description":"Vergara Advocats el formen un equip d'advocats penalistes a Terrassa amb una s\u00f2lida i dilatada traject\u00f2ria. Ens adaptem a les vostres necessitats.","inLanguage":"ca","potentialAction":[{"@type":"ReadAction","target":["https:\/\/www.vergaradvocats.com\/ca\/advocats-penalistes-a-terrassa\/"]}]},{"@type":"WebSite","@id":"https:\/\/www.vergaradvocats.com\/#website","url":"https:\/\/www.vergaradvocats.com\/","name":"Vergara Advocats","description":"Abogados en Terrassa","publisher":{"@id":"https:\/\/www.vergaradvocats.com\/#organization"},"potentialAction":[{"@type":"SearchAction","target":{"@type":"EntryPoint","urlTemplate":"https:\/\/www.vergaradvocats.com\/?s={search_term_string}"},"query-input":{"@type":"PropertyValueSpecification","valueRequired":true,"valueName":"search_term_string"}}],"inLanguage":"ca"},{"@type":"Organization","@id":"https:\/\/www.vergaradvocats.com\/#organization","name":"Vergara Advocats","url":"https:\/\/www.vergaradvocats.com\/","logo":{"@type":"ImageObject","inLanguage":"ca","@id":"https:\/\/www.vergaradvocats.com\/#\/schema\/logo\/image\/","url":"https:\/\/www.vergaradvocats.com\/wp-content\/uploads\/2022\/11\/logo-vergara-advocats.png","contentUrl":"https:\/\/www.vergaradvocats.com\/wp-content\/uploads\/2022\/11\/logo-vergara-advocats.png","width":326,"height":110,"caption":"Vergara Advocats"},"image":{"@id":"https:\/\/www.vergaradvocats.com\/#\/schema\/logo\/image\/"}}]}},"_links":{"self":[{"href":"https:\/\/www.vergaradvocats.com\/ca\/wp-json\/wp\/v2\/pages\/704","targetHints":{"allow":["GET"]}}],"collection":[{"href":"https:\/\/www.vergaradvocats.com\/ca\/wp-json\/wp\/v2\/pages"}],"about":[{"href":"https:\/\/www.vergaradvocats.com\/ca\/wp-json\/wp\/v2\/types\/page"}],"author":[{"embeddable":true,"href":"https:\/\/www.vergaradvocats.com\/ca\/wp-json\/wp\/v2\/users\/1"}],"replies":[{"embeddable":true,"href":"https:\/\/www.vergaradvocats.com\/ca\/wp-json\/wp\/v2\/comments?post=704"}],"version-history":[{"count":15,"href":"https:\/\/www.vergaradvocats.com\/ca\/wp-json\/wp\/v2\/pages\/704\/revisions"}],"predecessor-version":[{"id":1036,"href":"https:\/\/www.vergaradvocats.com\/ca\/wp-json\/wp\/v2\/pages\/704\/revisions\/1036"}],"wp:attachment":[{"href":"https:\/\/www.vergaradvocats.com\/ca\/wp-json\/wp\/v2\/media?parent=704"}],"curies":[{"name":"wp","href":"https:\/\/api.w.org\/{rel}","templated":true}]}}